{"id":417,"date":"2016-03-03T03:05:07","date_gmt":"2016-03-03T03:05:07","guid":{"rendered":"http:\/\/localhost\/wordpress\/pixgraphy\/?page_id=4"},"modified":"2023-10-06T10:16:31","modified_gmt":"2023-10-06T07:16:31","slug":"anasayfa","status":"publish","type":"page","link":"http:\/\/www.lavidanismanlik.com.tr\/","title":{"rendered":"Anasayfa"},"content":{"rendered":"\t\t<div class=\"bdp-list-main bdp-design-1 bdp-clearfix\">\r\n\t\t\t<div class=\"bdp-post-list bdp-clearfix\">\r\n\t<div class=\"bdp-post-list-content\">\r\n\t\t\t\t<div class=\"bdp-medium-6 bdp-columns\">\r\n\t\t\t<div class=\"bdp-post-image-bg\">\r\n\t\t\t\t<a href=\"http:\/\/www.lavidanismanlik.com.tr\/?p=2260\">\r\n\t\t\t\t\t<img src=\"http:\/\/www.lavidanismanlik.com.tr\/wp-content\/uploads\/2024\/09\/B687BF11-4E7B-4823-BC0E-FC288E69D6C8-225x300.jpeg\" alt=\"Urla Dam Ressamlar\u0131 Tan\u0131yal\u0131m \u00c7ocuk Sanat At\u00f6lyesi\" \/>\r\n\t\t\t\t<\/a>\r\n\t\t\t<\/div>\r\n\t\t<\/div>\r\n\t\t\t\t<div class=\"bdp-medium-6 bdp-columns\">\r\n\t\t\t\t\t\t<div class=\"bdp-post-categories\">\r\n\t\t\t\t<a href=\"http:\/\/www.lavidanismanlik.com.tr\/?cat=28\">Etkinlikler<\/a>\t\t\t<\/div>\r\n\t\t\t\r\n\t\t\t<h2 class=\"bdp-post-title\">\r\n\t\t\t\t<a href=\"http:\/\/www.lavidanismanlik.com.tr\/?p=2260\">Urla Dam Ressamlar\u0131 Tan\u0131yal\u0131m \u00c7ocuk Sanat At\u00f6lyesi<\/a>\r\n\t\t\t<\/h2>\r\n\t\t\t\t\r\n\t\t\t\t\t\t<div class=\"bdp-post-meta-innr bdp-post-meta\">\r\n\t\t\t\t\t\t\t\t<span class=\"bdp-post-meta-innr bdp-time\">27 Eyl\u00fcl 2024<\/span>\r\n\t\t\t\t\t\t\t<\/div>\r\n\t\t\t\t\t\t<div class=\"bdp-post-content\">\r\n\t\t\t\t<div class=\"bdp-post-short-content\">\u00c7ocuklar\u0131n resim sanat\u0131na ve ressamlara y\u00f6nelik alg\u0131s\u0131nda olumlu bir de\u011fi\u015fim olu\u015fturmak ve kendi yarat\u0131c\u0131l\u0131k potansiyelini...<\/div>\r\n\t\t\t\t\t\t\t<\/div>\r\n\t\t\t\t\t\t<div class=\"bdp-post-tags\"> <a href=\"http:\/\/www.lavidanismanlik.com.tr\/?tag=cocuk\" rel=\"tag\">\u00c7ocuk<\/a>, <a href=\"http:\/\/www.lavidanismanlik.com.tr\/?tag=sanat\" rel=\"tag\">Sanat<\/a><\/div>\r\n\t\t\t\t\t<\/div>\r\n\t<\/div>\r\n<\/div><div class=\"bdp-post-list bdp-clearfix\">\r\n\t<div class=\"bdp-post-list-content\">\r\n\t\t\t\t<div class=\"bdp-medium-6 bdp-columns\">\r\n\t\t\t<div class=\"bdp-post-image-bg\">\r\n\t\t\t\t<a href=\"http:\/\/www.lavidanismanlik.com.tr\/?p=2255\">\r\n\t\t\t\t\t<img src=\"http:\/\/www.lavidanismanlik.com.tr\/wp-content\/uploads\/2024\/09\/32661544-EC77-4754-A273-E58CDE54E557-300x169.jpeg\" alt=\"Kad\u0131k\u00f6y Belediyesi Ekolojik Ya\u015fam Merkezi \u00c7evre Fark\u0131ndal\u0131\u011f\u0131 At\u00f6lyesi\" \/>\r\n\t\t\t\t<\/a>\r\n\t\t\t<\/div>\r\n\t\t<\/div>\r\n\t\t\t\t<div class=\"bdp-medium-6 bdp-columns\">\r\n\t\t\t\t\t\t<div class=\"bdp-post-categories\">\r\n\t\t\t\t<a href=\"http:\/\/www.lavidanismanlik.com.tr\/?cat=28\">Etkinlikler<\/a>\t\t\t<\/div>\r\n\t\t\t\r\n\t\t\t<h2 class=\"bdp-post-title\">\r\n\t\t\t\t<a href=\"http:\/\/www.lavidanismanlik.com.tr\/?p=2255\">Kad\u0131k\u00f6y Belediyesi Ekolojik Ya\u015fam Merkezi \u00c7evre Fark\u0131ndal\u0131\u011f\u0131 At\u00f6lyesi<\/a>\r\n\t\t\t<\/h2>\r\n\t\t\t\t\r\n\t\t\t\t\t\t<div class=\"bdp-post-meta-innr bdp-post-meta\">\r\n\t\t\t\t\t\t\t\t<span class=\"bdp-post-meta-innr bdp-time\">27 Eyl\u00fcl 2024<\/span>\r\n\t\t\t\t\t\t\t<\/div>\r\n\t\t\t\t\t\t<div class=\"bdp-post-content\">\r\n\t\t\t\t<div class=\"bdp-post-short-content\">18 May\u0131s 2024 tarihinde Kad\u0131k\u00f6y Belediyesi Ekolojik Ya\u015fam Merkezinde ebeveyn ve \u00e7ocuklara y\u00f6nelik bir sanatla...<\/div>\r\n\t\t\t\t\t\t\t<\/div>\r\n\t\t\t\t\t\t<div class=\"bdp-post-tags\"> <a href=\"http:\/\/www.lavidanismanlik.com.tr\/?tag=cocuk\" rel=\"tag\">\u00c7ocuk<\/a>, <a href=\"http:\/\/www.lavidanismanlik.com.tr\/?tag=sanat\" rel=\"tag\">Sanat<\/a><\/div>\r\n\t\t\t\t\t<\/div>\r\n\t<\/div>\r\n<\/div><div class=\"bdp-post-list bdp-clearfix\">\r\n\t<div class=\"bdp-post-list-content\">\r\n\t\t\t\t<div class=\"bdp-medium-6 bdp-columns\">\r\n\t\t\t<div class=\"bdp-post-image-bg\">\r\n\t\t\t\t<a href=\"http:\/\/www.lavidanismanlik.com.tr\/?p=2252\">\r\n\t\t\t\t\t<img src=\"http:\/\/www.lavidanismanlik.com.tr\/wp-content\/uploads\/2024\/09\/ae6ad5d1-a41a-42e6-9c32-67e027377426-225x300.jpg\" alt=\"Geleneksel Sokak Oyunlar\u0131\" \/>\r\n\t\t\t\t<\/a>\r\n\t\t\t<\/div>\r\n\t\t<\/div>\r\n\t\t\t\t<div class=\"bdp-medium-6 bdp-columns\">\r\n\t\t\t\t\t\t<div class=\"bdp-post-categories\">\r\n\t\t\t\t<a href=\"http:\/\/www.lavidanismanlik.com.tr\/?cat=28\">Etkinlikler<\/a>\t\t\t<\/div>\r\n\t\t\t\r\n\t\t\t<h2 class=\"bdp-post-title\">\r\n\t\t\t\t<a href=\"http:\/\/www.lavidanismanlik.com.tr\/?p=2252\">Geleneksel Sokak Oyunlar\u0131<\/a>\r\n\t\t\t<\/h2>\r\n\t\t\t\t\r\n\t\t\t\t\t\t<div class=\"bdp-post-meta-innr bdp-post-meta\">\r\n\t\t\t\t\t\t\t\t<span class=\"bdp-post-meta-innr bdp-time\">27 Eyl\u00fcl 2024<\/span>\r\n\t\t\t\t\t\t\t<\/div>\r\n\t\t\t\t\t\t<div class=\"bdp-post-content\">\r\n\t\t\t\t<div class=\"bdp-post-short-content\">2 Haziran 2024 tarihinde Kartal Belediyesi R\u0131fat Ilgaz E\u011flenceli \u00c7ocuk K\u00fct\u00fcphanesinde ebeveyn ve \u00e7ocuklarla birlikte...<\/div>\r\n\t\t\t\t\t\t\t<\/div>\r\n\t\t\t\t\t\t<div class=\"bdp-post-tags\"> <a href=\"http:\/\/www.lavidanismanlik.com.tr\/?tag=cocuk\" rel=\"tag\">\u00c7ocuk<\/a>, <a href=\"http:\/\/www.lavidanismanlik.com.tr\/?tag=sanat\" rel=\"tag\">Sanat<\/a><\/div>\r\n\t\t\t\t\t<\/div>\r\n\t<\/div>\r\n<\/div><div class=\"bdp-post-list bdp-clearfix\">\r\n\t<div class=\"bdp-post-list-content\">\r\n\t\t\t\t<div class=\"bdp-medium-6 bdp-columns\">\r\n\t\t\t<div class=\"bdp-post-image-bg\">\r\n\t\t\t\t<a href=\"http:\/\/www.lavidanismanlik.com.tr\/?p=2248\">\r\n\t\t\t\t\t<img src=\"http:\/\/www.lavidanismanlik.com.tr\/wp-content\/uploads\/2024\/09\/20359723-0421-4770-91E3-AF23B8EF7AAF-300x297.jpeg\" alt=\"\u00c7ocuklar \u0130\u00e7in Yarat\u0131c\u0131 Sanat At\u00f6lyesi Pablo Picasso ve A\u011flayan Kad\u0131n\" \/>\r\n\t\t\t\t<\/a>\r\n\t\t\t<\/div>\r\n\t\t<\/div>\r\n\t\t\t\t<div class=\"bdp-medium-6 bdp-columns\">\r\n\t\t\t\t\t\t<div class=\"bdp-post-categories\">\r\n\t\t\t\t<a href=\"http:\/\/www.lavidanismanlik.com.tr\/?cat=28\">Etkinlikler<\/a>\t\t\t<\/div>\r\n\t\t\t\r\n\t\t\t<h2 class=\"bdp-post-title\">\r\n\t\t\t\t<a href=\"http:\/\/www.lavidanismanlik.com.tr\/?p=2248\">\u00c7ocuklar \u0130\u00e7in Yarat\u0131c\u0131 Sanat At\u00f6lyesi Pablo Picasso ve A\u011flayan Kad\u0131n<\/a>\r\n\t\t\t<\/h2>\r\n\t\t\t\t\r\n\t\t\t\t\t\t<div class=\"bdp-post-meta-innr bdp-post-meta\">\r\n\t\t\t\t\t\t\t\t<span class=\"bdp-post-meta-innr bdp-time\">27 Eyl\u00fcl 2024<\/span>\r\n\t\t\t\t\t\t\t<\/div>\r\n\t\t\t\t\t\t<div class=\"bdp-post-content\">\r\n\t\t\t\t<div class=\"bdp-post-short-content\">\u00a0D\u00fcnyaca \u00fcnl\u00fc ressam Pablo Picasso ve A\u011flayan Kad\u0131n isimli tablosunun yer ald\u0131\u011f\u0131 bu at\u00f6lyede \u00e7ocuklar;...<\/div>\r\n\t\t\t\t\t\t\t<\/div>\r\n\t\t\t\t\t\t<div class=\"bdp-post-tags\"> <a href=\"http:\/\/www.lavidanismanlik.com.tr\/?tag=cocuk\" rel=\"tag\">\u00c7ocuk<\/a>, <a href=\"http:\/\/www.lavidanismanlik.com.tr\/?tag=sanat\" rel=\"tag\">Sanat<\/a><\/div>\r\n\t\t\t\t\t<\/div>\r\n\t<\/div>\r\n<\/div><div class=\"bdp-post-list bdp-clearfix\">\r\n\t<div class=\"bdp-post-list-content\">\r\n\t\t\t\t<div class=\"bdp-medium-6 bdp-columns\">\r\n\t\t\t<div class=\"bdp-post-image-bg\">\r\n\t\t\t\t<a href=\"http:\/\/www.lavidanismanlik.com.tr\/?p=2244\">\r\n\t\t\t\t\t<img src=\"http:\/\/www.lavidanismanlik.com.tr\/wp-content\/uploads\/2024\/09\/93b2e30b-96fa-454e-8b29-e4647299f77d-300x225.jpg\" alt=\"\u00c7ocuklar \u0130\u00e7in Yarat\u0131c\u0131 Sanat At\u00f6lyesi Vincent Van Gogh ve Y\u0131ld\u0131zl\u0131 Gece\" \/>\r\n\t\t\t\t<\/a>\r\n\t\t\t<\/div>\r\n\t\t<\/div>\r\n\t\t\t\t<div class=\"bdp-medium-6 bdp-columns\">\r\n\t\t\t\t\t\t<div class=\"bdp-post-categories\">\r\n\t\t\t\t<a href=\"http:\/\/www.lavidanismanlik.com.tr\/?cat=28\">Etkinlikler<\/a>\t\t\t<\/div>\r\n\t\t\t\r\n\t\t\t<h2 class=\"bdp-post-title\">\r\n\t\t\t\t<a href=\"http:\/\/www.lavidanismanlik.com.tr\/?p=2244\">\u00c7ocuklar \u0130\u00e7in Yarat\u0131c\u0131 Sanat At\u00f6lyesi Vincent Van Gogh ve Y\u0131ld\u0131zl\u0131 Gece<\/a>\r\n\t\t\t<\/h2>\r\n\t\t\t\t\r\n\t\t\t\t\t\t<div class=\"bdp-post-meta-innr bdp-post-meta\">\r\n\t\t\t\t\t\t\t\t<span class=\"bdp-post-meta-innr bdp-time\">27 Eyl\u00fcl 2024<\/span>\r\n\t\t\t\t\t\t\t<\/div>\r\n\t\t\t\t\t\t<div class=\"bdp-post-content\">\r\n\t\t\t\t<div class=\"bdp-post-short-content\">D\u00fcnyaca \u00fcnl\u00fc ressam Vincent Van Gogh ve Y\u0131ld\u0131zl\u0131 Gece isimli tablosunun yer ald\u0131\u011f\u0131 bu at\u00f6lyede...<\/div>\r\n\t\t\t\t\t\t\t<\/div>\r\n\t\t\t\t\t\t<div class=\"bdp-post-tags\"> <a href=\"http:\/\/www.lavidanismanlik.com.tr\/?tag=cocuk\" rel=\"tag\">\u00c7ocuk<\/a>, <a href=\"http:\/\/www.lavidanismanlik.com.tr\/?tag=sanat\" rel=\"tag\">Sanat<\/a><\/div>\r\n\t\t\t\t\t<\/div>\r\n\t<\/div>\r\n<\/div>\t\t<\/div>\t\t\r\n\t\t\t\t<div class=\"bdp-post-pagination bdp-clearfix\">\r\n\t\t\t<span aria-current=\"page\" class=\"page-numbers current\">1<\/span>\n<a class=\"page-numbers\" href=\"http:\/\/www.lavidanismanlik.com.tr\/index.php?rest_route=%2Fwp%2Fv2%2Fpages%2F417&#038;paged=2\">2<\/a>\n<a class=\"page-numbers\" href=\"http:\/\/www.lavidanismanlik.com.tr\/index.php?rest_route=%2Fwp%2Fv2%2Fpages%2F417&#038;paged=3\">3<\/a>\n<span class=\"page-numbers dots\">&hellip;<\/span>\n<a class=\"page-numbers\" href=\"http:\/\/www.lavidanismanlik.com.tr\/index.php?rest_route=%2Fwp%2Fv2%2Fpages%2F417&#038;paged=13\">13<\/a>\n<a class=\"next page-numbers\" href=\"http:\/\/www.lavidanismanlik.com.tr\/index.php?rest_route=%2Fwp%2Fv2%2Fpages%2F417&#038;paged=2\">Next &raquo;<\/a>\t\t<\/div>\r\n\t\t\n\n\n\n<p><\/p>\n","protected":false},"excerpt":{"rendered":"","protected":false},"author":1,"featured_media":0,"parent":0,"menu_order":0,"comment_status":"closed","ping_status":"closed","template":"","meta":{"_vp_format_video_url":"","_vp_image_focal_point":[]},"_links":{"self":[{"href":"http:\/\/www.lavidanismanlik.com.tr\/index.php?rest_route=\/wp\/v2\/pages\/417"}],"collection":[{"href":"http:\/\/www.lavidanismanlik.com.tr\/index.php?rest_route=\/wp\/v2\/pages"}],"about":[{"href":"http:\/\/www.lavidanismanlik.com.tr\/index.php?rest_route=\/wp\/v2\/types\/page"}],"author":[{"embeddable":true,"href":"http:\/\/www.lavidanismanlik.com.tr\/index.php?rest_route=\/wp\/v2\/users\/1"}],"replies":[{"embeddable":true,"href":"http:\/\/www.lavidanismanlik.com.tr\/index.php?rest_route=%2Fwp%2Fv2%2Fcomments&post=417"}],"version-history":[{"count":17,"href":"http:\/\/www.lavidanismanlik.com.tr\/index.php?rest_route=\/wp\/v2\/pages\/417\/revisions"}],"predecessor-version":[{"id":1822,"href":"http:\/\/www.lavidanismanlik.com.tr\/index.php?rest_route=\/wp\/v2\/pages\/417\/revisions\/1822"}],"wp:attachment":[{"href":"http:\/\/www.lavidanismanlik.com.tr\/index.php?rest_route=%2Fwp%2Fv2%2Fmedia&parent=417"}],"curies":[{"name":"wp","href":"https:\/\/api.w.org\/{rel}","templated":true}]}}